{"id":154,"date":"2013-03-26T23:34:56","date_gmt":"2013-03-26T21:34:56","guid":{"rendered":"http:\/\/drk-jugendladen-wedding.de\/wpjlw\/archiv\/"},"modified":"2021-01-14T17:47:37","modified_gmt":"2021-01-14T15:47:37","slug":"archiv","status":"publish","type":"page","link":"http:\/\/drk-jugendladen-wedding.de\/wpjlw\/archiv\/","title":{"rendered":"Archiv"},"content":{"rendered":"<div id=\"attachment_1010\" style=\"width: 310px\" class=\"wp-caption alignnone\"><img loading=\"lazy\" decoding=\"async\" aria-describedby=\"caption-attachment-1010\" class=\"size-medium wp-image-1010\" src=\"http:\/\/drk-jugendladen-wedding.de\/wpjlw\/wp-content\/uploads\/fussballmannschaft-300x193.jpg\" alt=\"\" width=\"300\" height=\"193\" srcset=\"http:\/\/drk-jugendladen-wedding.de\/wpjlw\/wp-content\/uploads\/fussballmannschaft-300x193.jpg 300w, http:\/\/drk-jugendladen-wedding.de\/wpjlw\/wp-content\/uploads\/fussballmannschaft-768x494.jpg 768w, http:\/\/drk-jugendladen-wedding.de\/wpjlw\/wp-content\/uploads\/fussballmannschaft-1024x658.jpg 1024w, http:\/\/drk-jugendladen-wedding.de\/wpjlw\/wp-content\/uploads\/fussballmannschaft.jpg 1500w\" sizes=\"(max-width: 300px) 100vw, 300px\" \/><p id=\"caption-attachment-1010\" class=\"wp-caption-text\">Das Fussballteam des DRK-Jugendladen &#8211;<br \/>Freitags in der Turnhalle der Schule am Zillepark. Ab 17 Uhr.<\/p><\/div>\n<div id=\"attachment_1001\" style=\"width: 310px\" class=\"wp-caption alignnone\"><a href=\"https:\/\/plus.google.com\/photos\/113053824267812743084\/albums\/6490533662457612881\"><img loading=\"lazy\" decoding=\"async\" aria-describedby=\"caption-attachment-1001\" class=\"wp-image-1001 size-medium\" src=\"http:\/\/drk-jugendladen-wedding.de\/wpjlw\/wp-content\/uploads\/DSC_2881-300x169.jpg\" alt=\"\" width=\"300\" height=\"169\" srcset=\"http:\/\/drk-jugendladen-wedding.de\/wpjlw\/wp-content\/uploads\/DSC_2881-300x169.jpg 300w, http:\/\/drk-jugendladen-wedding.de\/wpjlw\/wp-content\/uploads\/DSC_2881-768x432.jpg 768w, http:\/\/drk-jugendladen-wedding.de\/wpjlw\/wp-content\/uploads\/DSC_2881-1024x576.jpg 1024w\" sizes=\"(max-width: 300px) 100vw, 300px\" \/><\/a><p id=\"caption-attachment-1001\" class=\"wp-caption-text\">Bowling am 2.11. f\u00fcr die Ehrenamtlichen<\/p><\/div>\n<h4><a href=\"https:\/\/photos.app.goo.gl\/XPIdc35XVXinvRkw2\"><img loading=\"lazy\" decoding=\"async\" class=\"wp-image-972\" src=\"http:\/\/drk-jugendladen-wedding.de\/wpjlw\/wp-content\/uploads\/sommerfest-2017_1000px-212x300.jpg\" alt=\"\" width=\"282\" height=\"345\" \/><\/a><\/h4>\n<h4>Artikel im DRK- Magazin 3\/17<\/h4>\n<div id=\"attachment_988\" style=\"width: 310px\" class=\"wp-caption alignnone\"><a href=\"http:\/\/drk-jugendladen-wedding.de\/wpjlw\/wp-content\/uploads\/bericht-holon-drk-magazin.pdf\"><img loading=\"lazy\" decoding=\"async\" aria-describedby=\"caption-attachment-988\" class=\"wp-image-988 size-medium\" src=\"http:\/\/drk-jugendladen-wedding.de\/wpjlw\/wp-content\/uploads\/IMG-20170329-WA0058-300x225.jpg\" alt=\"\" width=\"300\" height=\"225\" srcset=\"http:\/\/drk-jugendladen-wedding.de\/wpjlw\/wp-content\/uploads\/IMG-20170329-WA0058-300x225.jpg 300w, http:\/\/drk-jugendladen-wedding.de\/wpjlw\/wp-content\/uploads\/IMG-20170329-WA0058-768x576.jpg 768w, http:\/\/drk-jugendladen-wedding.de\/wpjlw\/wp-content\/uploads\/IMG-20170329-WA0058-1024x768.jpg 1024w, http:\/\/drk-jugendladen-wedding.de\/wpjlw\/wp-content\/uploads\/IMG-20170329-WA0058.jpg 1280w\" sizes=\"(max-width: 300px) 100vw, 300px\" \/><\/a><p id=\"caption-attachment-988\" class=\"wp-caption-text\">Jugendliche und Betreuer aus dem<br \/>DRK-Jugendladen-Wedding waren im April<\/p><\/div>\n<h2>Das war das Sommerfest 2016<\/h2>\n<div id=\"attachment_830\" style=\"width: 190px\" class=\"wp-caption alignleft\"><a href=\"https:\/\/goo.gl\/photos\/HfpooQ6VXshTK9P26\"><img loading=\"lazy\" decoding=\"async\" aria-describedby=\"caption-attachment-830\" class=\"wp-image-830\" src=\"http:\/\/drk-jugendladen-wedding.de\/wpjlw\/wp-content\/uploads\/Plakat_Sommerfest_2016-1.jpg\" alt=\"sommerfest-2015\" width=\"180\" height=\"255\" \/><\/a><p id=\"caption-attachment-830\" class=\"wp-caption-text\">Fotos vom Fest<\/p><\/div>\n<h2><\/h2>\n<h2><\/h2>\n<h2><\/h2>\n<h2><\/h2>\n<h2><\/h2>\n<h2><\/h2>\n<h2>Unsere Ferienreise nach Sylt<\/h2>\n<p><a href=\"https:\/\/plus.google.com\/u\/0\/113053824267812743084\/posts\/TZB5gG5yoTi?pid=6210024731915952002&amp;oid=113053824267812743084\"><img loading=\"lazy\" decoding=\"async\" class=\"alignnone wp-image-855 size-medium\" src=\"http:\/\/drk-jugendladen-wedding.de\/wpjlw\/wp-content\/uploads\/sylt-300x225.jpg\" alt=\"sylt\" width=\"300\" height=\"225\" srcset=\"http:\/\/drk-jugendladen-wedding.de\/wpjlw\/wp-content\/uploads\/sylt-300x225.jpg 300w, http:\/\/drk-jugendladen-wedding.de\/wpjlw\/wp-content\/uploads\/sylt-1024x768.jpg 1024w\" sizes=\"(max-width: 300px) 100vw, 300px\" \/><\/a><\/p>\n<h2>Das war unser Sommerfest 2015<\/h2>\n<p><a href=\"https:\/\/goo.gl\/photos\/QwpQkwvuFgMzf2iZA\"><img loading=\"lazy\" decoding=\"async\" class=\"wp-image-830 alignnone\" src=\"http:\/\/drk-jugendladen-wedding.de\/wpjlw\/wp-content\/uploads\/sommerfest-2015-212x300.jpg\" alt=\"sommerfest-2015\" width=\"180\" height=\"255\" srcset=\"http:\/\/drk-jugendladen-wedding.de\/wpjlw\/wp-content\/uploads\/sommerfest-2015-212x300.jpg 212w, http:\/\/drk-jugendladen-wedding.de\/wpjlw\/wp-content\/uploads\/sommerfest-2015.jpg 570w\" sizes=\"(max-width: 180px) 100vw, 180px\" \/><\/a><\/p>\n<h2>Baustelle betreten erw\u00fcnscht!<\/h2>\n<p><a href=\"https:\/\/goo.gl\/photos\/tR9JhkZA99x1UgVC6\"><img loading=\"lazy\" decoding=\"async\" class=\"alignleft wp-image-836 size-medium\" src=\"http:\/\/drk-jugendladen-wedding.de\/wpjlw\/wp-content\/uploads\/A4_plakat-DRK-212x300.jpg\" alt=\"\" width=\"212\" height=\"300\" srcset=\"http:\/\/drk-jugendladen-wedding.de\/wpjlw\/wp-content\/uploads\/A4_plakat-DRK-212x300.jpg 212w, http:\/\/drk-jugendladen-wedding.de\/wpjlw\/wp-content\/uploads\/A4_plakat-DRK.jpg 595w\" sizes=\"(max-width: 212px) 100vw, 212px\" \/><\/a>Der DRK Jugendladen hat\u00a0eine Verleihstation mit vielen tollen Spielen bekommen.<\/p>\n<p><a href=\"http:\/\/www.baufachfrau-berlin.de\">www.baufachfrau-berlin.de<\/a><\/p>\n<h2><\/h2>\n<h2><\/h2>\n<header class=\"entry-header\">\n<h2 class=\"entry-title\"><\/h2>\n<h2 class=\"entry-title\"><\/h2>\n<\/header>\n<header class=\"entry-header\">\n<h2 class=\"entry-title\"><a href=\"https:\/\/plus.google.com\/photos\/113053824267812743084\/albums\/6094541044905363057?authkey=CKeRsdbk5OuimgE\">W\u00fcnsche und Bunte Gew\u00fcrzpl\u00e4tzchen<img loading=\"lazy\" decoding=\"async\" class=\"size-medium wp-image-788 alignnone\" src=\"http:\/\/drk-jugendladen-wedding.de\/wpjlw\/wp-content\/uploads\/weihnachtsbaeckerei11-300x225.jpg\" alt=\"weihnachtsbaeckerei1\" width=\"300\" height=\"225\" srcset=\"http:\/\/drk-jugendladen-wedding.de\/wpjlw\/wp-content\/uploads\/weihnachtsbaeckerei11-300x225.jpg 300w, http:\/\/drk-jugendladen-wedding.de\/wpjlw\/wp-content\/uploads\/weihnachtsbaeckerei11-1024x768.jpg 1024w, http:\/\/drk-jugendladen-wedding.de\/wpjlw\/wp-content\/uploads\/weihnachtsbaeckerei11.jpg 1200w\" sizes=\"(max-width: 300px) 100vw, 300px\" \/><\/a><\/h2>\n<\/header>\n<p>Bunte Gew\u00fcrzpl\u00e4tzchen zum Ausstechen geh\u00f6ren f\u00fcr mich zur Adventszeit wie Fassbrause zum Sommer in Berlin. Seit nun schon 4 Jahren knete ich den Teig nicht mehr allein, sondern mit den Kindern aus dem DRK-Jugendladen Wedding, M\u00e4dchen und Jungen. Es wird jedes Jahr sch\u00f6ner. Ich muss fast nichts mehr tun. Eigentlich k\u00f6nnte ich mich schon in die Jugendladen-K\u00fcche setzen und einfach warten, bis Afsar, Saphija, Song\u00fcl mit all den gr\u00f6\u00dferen und kleineren Kindern die N\u00fcsse gemahlen, den Teig ausgerollt, die Sterne, Weihnachtsm\u00e4nner und Weihnachtsfrauen, Engel, Rauten, Monde und Halbmonde ausgestochen, aufs Backblech gelegt, gebacken und mit Zuckerguss aus Puderzucker und frisch gepresstem Bio-Zitronensaft bestrichen und mit buntem Zucker etc. dekoriert haben. Seltsamer Weise aber l\u00e4sst mich niemand sitzen, sondern alle wollen von mir wissen, was sie als n\u00e4chstes machen sollen.<\/p>\n<p>Sarah ist nach dreimal Pl\u00e4tzchenbacken schon die perfekte Backassistentin geworden. Und das Sch\u00f6nste ist, dass vom Pl\u00e4tzchenbacken einige Kinder im Jugendladen das ganze Jahr sprechen. Mehr kann ich mir gar nicht w\u00fcnschen.<\/p>\n<p>PS: Die Bethm\u00e4nnchen aus Marzipanrohmasse mit gemahlenen Mandel etc. kamen in diesem ganz besonders gut an, obwohl sie ein bisschen scharf gebacken waren.<\/p>\n<p>Dr. Torsten Fl\u00fch<\/p>\n<h2>Unsere Herbst-Ferienfahrt ins Waldsolarheim<\/h2>\n<div class=\"shashinPhotoGroups\"><div class=\"shashinThumbnailsTable\" id=\"shashinGroup_1\" style=\"margin-left: auto; margin-right: auto;\">\n<div class=\"shashinCaption\"><\/div>\n<div class=\"shashinTableRow\">\n<div class=\"shashinTableCell\" data-original_width=\"100%\" style=\" width: 100%; max-width: 300px;\"><div class=\"shashinThumbnailWrapper\"><a href=\"https:\/\/picasaweb.google.com\/113053824267812743084\/FerienreiseHerbst2014\" id=\"shashinAlbumThumbLink_img_16\" data-ShashinAlbum=\"16\" class=\"shashinAlbumThumbLink\"><img decoding=\"async\" src=\"https:\/\/lh3.googleusercontent.com\/-NjEfW3ieAQE\/VFe30YdkEUE\/AAAAAAAAGNQ\/0R0ysakcMpQ37xFbTZxiVMjIVSmCdrv2wCCoYCg\/s320\/FerienreiseHerbst2014\" alt=\"Ferienreise Herbst 2014\" title=\"Ferienreise Herbst 2014\" width=\"300\" class=\"shashinThumbnailImage\" id=\"shashinThumbnailImage_1\" \/><\/a><div class=\"shashinThumbnailCaption\"><span class=\"shashinAlbumCaptionTitle\"><a href=\"https:\/\/picasaweb.google.com\/113053824267812743084\/FerienreiseHerbst2014\" id=\"shashinAlbumThumbLink_caption_16\" data-ShashinAlbum=\"16\" class=\"shashinAlbumThumbLink\">Ferienreise Herbst 2014<\/a><\/span><span class=\"shashinAlbumCaptionDate\">Okt. 20, 2014<\/span><span class=\"shashinAlbumCaptionLocation\">Photos: 65<\/span><\/div>\n<\/div><\/div>\n<\/div><div class=\"shashinTableRowClear\">&nbsp;<\/div>\n<div class=\"shashinCaptionBottom shashinCaption\"><\/div>\n<\/div>\n<\/div>\n\n<h2>Sommerausflug: Dampferfahrt durch Berlin<\/h2>\n<p>An einem angenehm sonnigen Tag haben wir eine Dampferfahrt durch die Innenstadt (Regierungsviertel) von Berlin gemacht. Der ungew\u00f6hnliche Blick vom Wasser aus auf ber\u00fchmte Geb\u00e4ude, wie \u00a0z. B. die Nicolaikirche, Bundeskanzleramt und Haus der Kulturen der Welt war f\u00fcr die meisten neu.<\/p>\n<p>Im Jugendladen fand ein sch\u00f6ner Tag mit Essen und Trinken seinen Ausklang.<\/p>\n<div class=\"shashinPhotoGroups\"><div class=\"shashinThumbnailsTable\" id=\"shashinGroup_2\" style=\"margin-left: auto; margin-right: auto;\">\n<div class=\"shashinCaption\"><\/div>\n<div class=\"shashinTableRow\">\n<div class=\"shashinTableCell\" data-original_width=\"100%\" style=\" width: 100%; max-width: 300px;\"><div class=\"shashinThumbnailWrapper\"><a href=\"https:\/\/picasaweb.google.com\/113053824267812743084\/Dampferfahrt237\" id=\"shashinAlbumThumbLink_img_13\" data-ShashinAlbum=\"13\" class=\"shashinAlbumThumbLink\"><img decoding=\"async\" src=\"https:\/\/lh3.googleusercontent.com\/-jbnv3okPmls\/U9Z8CpxD1cE\/AAAAAAAAHWs\/aemHDuRvRNILlO1ANv3OpRVu-T1-wZY4QCCoYCg\/s320\/Dampferfahrt237\" alt=\"dampferfahrt 23.7\" title=\"dampferfahrt 23.7\" width=\"300\" class=\"shashinThumbnailImage\" id=\"shashinThumbnailImage_2\" \/><\/a><div class=\"shashinThumbnailCaption\"><span class=\"shashinAlbumCaptionTitle\"><a href=\"https:\/\/picasaweb.google.com\/113053824267812743084\/Dampferfahrt237\" id=\"shashinAlbumThumbLink_caption_13\" data-ShashinAlbum=\"13\" class=\"shashinAlbumThumbLink\">dampferfahrt 23.7<\/a><\/span><span class=\"shashinAlbumCaptionDate\">Juli 23, 2014<\/span><span class=\"shashinAlbumCaptionLocation\">Photos: 22<\/span><\/div>\n<\/div><\/div>\n<\/div><div class=\"shashinTableRowClear\">&nbsp;<\/div>\n<div class=\"shashinCaptionBottom shashinCaption\"><\/div>\n<\/div>\n<\/div>\n\n<h2><\/h2>\n<h2>Ferien im Waildsolarheim 2014<\/h2>\n<div class=\"shashinPhotoGroups\"><div class=\"shashinThumbnailsTable\" id=\"shashinGroup_3\" style=\"margin-left: auto; margin-right: auto;\">\n<div class=\"shashinCaption\"><\/div>\n<div class=\"shashinTableRow\">\n<div class=\"shashinTableCell\" data-original_width=\"100%\" style=\" width: 100%; max-width: 300px;\"><div class=\"shashinThumbnailWrapper\"><a href=\"https:\/\/picasaweb.google.com\/113053824267812743084\/Waldsolarheim2014\" id=\"shashinAlbumThumbLink_img_11\" data-ShashinAlbum=\"11\" class=\"shashinAlbumThumbLink\"><img decoding=\"async\" src=\"https:\/\/lh3.googleusercontent.com\/-7ge7p1Iqix8\/U2OXX08il4E\/AAAAAAAAGLU\/qFiYR16_rigzmJbT_p_cluSejs_57ljsQCCoYCg\/s320\/Waldsolarheim2014\" alt=\"Waldsolarheim 2014\" title=\"Waldsolarheim 2014\" width=\"300\" class=\"shashinThumbnailImage\" id=\"shashinThumbnailImage_3\" \/><\/a><div class=\"shashinThumbnailCaption\"><span class=\"shashinAlbumCaptionTitle\"><a href=\"https:\/\/picasaweb.google.com\/113053824267812743084\/Waldsolarheim2014\" id=\"shashinAlbumThumbLink_caption_11\" data-ShashinAlbum=\"11\" class=\"shashinAlbumThumbLink\">Waldsolarheim 2014<\/a><\/span><span class=\"shashinAlbumCaptionDate\">Apr. 14, 2014<\/span><span class=\"shashinAlbumCaptionLocation\">Photos: 45<\/span><\/div>\n<\/div><\/div>\n<\/div><div class=\"shashinTableRowClear\">&nbsp;<\/div>\n<div class=\"shashinCaptionBottom shashinCaption\"><\/div>\n<\/div>\n<\/div>\n\n<h2>Kampfsporttraining mit\u00a0Promi-Bodyguard Ahmad Mohammed<\/h2>\n<p>Samstag, der 1.3.2014. F\u00fcr viele Kids aus dem Jugendladen ein besonderer Tag: Wir sind zu Gast bei der\u00a0Legends Body Fit Combat \/ Fight &amp; Box Academy, welche von dem Promi-Bodyguard Ahmad Mohammed betrieben wird. F\u00fcr die meisten Kinder und Jugendlichen ein Begriff: neben zahlreichen Stars, war dieser auch Bodyguard der Boxlegende Mohamed Ali.<\/p>\n<p>Die Kinder hatten das Vergn\u00fcgen von Ahmad die Trainingsmethoden kennen zu lernen: Ausdauersport, Kampfsport und Kraftsport.<\/p>\n<p>Nach 1 1\/2 Stunden hartem und anstrengendem Training, gab es dann f\u00fcr alle eine verdiente St\u00e4rkung im H\u00fchnerhaus. Ein sch\u00f6ner Abschluss.<\/p>\n<p>Wir freuen uns auf ein regelm\u00e4\u00dfiges Training bei Ahmad Mohammed. (jeweils Samstag abwechselnd Gro\u00df und Kleine)<\/p>\n<p>Samer<\/p>\n<p><span style=\"font-size: 1.5em; line-height: 1.5em;\"><div class=\"shashinPhotoGroups\"><div class=\"shashinThumbnailsTable\" id=\"shashinGroup_4\" style=\"margin-left: auto; margin-right: auto;\">\n<div class=\"shashinCaption\"><\/div>\n<div class=\"shashinTableRow\">\n<div class=\"shashinTableCell\" data-original_width=\"100%\" style=\" width: 100%; max-width: 300px;\"><div class=\"shashinThumbnailWrapper\"><a href=\"https:\/\/picasaweb.google.com\/113053824267812743084\/FunFightMitAhmadMohammed?authkey=Gv1sRgCILBtLioitP2Kg\" id=\"shashinAlbumThumbLink_img_8\" data-ShashinAlbum=\"8\" class=\"shashinAlbumThumbLink\"><img decoding=\"async\" src=\"https:\/\/lh3.googleusercontent.com\/-zfeJ1e-SC5c\/Ux36aas1fZE\/AAAAAAAAFtE\/VaTUMAviBeAF_5BqpiLiO7_bs1bMpMK6QCCoYCg\/s320\/FunFightMitAhmadMohammed\" alt=\"Fun Fight mit Ahmad Mohammed\" title=\"Fun Fight mit Ahmad Mohammed\" width=\"300\" class=\"shashinThumbnailImage\" id=\"shashinThumbnailImage_4\" \/><\/a><div class=\"shashinThumbnailCaption\"><span class=\"shashinAlbumCaptionTitle\"><a href=\"https:\/\/picasaweb.google.com\/113053824267812743084\/FunFightMitAhmadMohammed?authkey=Gv1sRgCILBtLioitP2Kg\" id=\"shashinAlbumThumbLink_caption_8\" data-ShashinAlbum=\"8\" class=\"shashinAlbumThumbLink\">Fun Fight mit Ahmad Mohammed<\/a><\/span><span class=\"shashinAlbumCaptionDate\">M\u00e4rz 8, 2014<\/span><span class=\"shashinAlbumCaptionLocation\">Photos: 43<\/span><\/div>\n<\/div><\/div>\n<\/div><div class=\"shashinTableRowClear\">&nbsp;<\/div>\n<div class=\"shashinCaptionBottom shashinCaption\"><\/div>\n<\/div>\n<\/div>\n<\/span><\/p>\n<h2>Unser Fotoarchiv<\/h2>\n<h2><div class=\"shashinPhotoGroups\"><div class=\"shashinThumbnailsTable\" id=\"shashinGroup_5\" style=\"margin-left: auto; margin-right: auto;\">\n<div class=\"shashinCaption\"><\/div>\n<div class=\"shashinTableRow\">\n<div class=\"shashinTableCell\" data-original_width=\"100%\" style=\" width: 100%; max-width: 212px;\"><div class=\"shashinThumbnailWrapper\"><a href=\"https:\/\/picasaweb.google.com\/113053824267812743084\/DRKHallenfussballturnier2014\" id=\"shashinAlbumThumbLink_img_9\" data-ShashinAlbum=\"9\" class=\"shashinAlbumThumbLink\"><img decoding=\"async\" src=\"https:\/\/lh3.googleusercontent.com\/-_jskOBJdom8\/U0LDBOU8QgE\/AAAAAAAAGK0\/crW8jx2i5kUnnN4pvlQBSoQ8KtU88v5lQCCoYCg\/s320\/DRKHallenfussballturnier2014\" alt=\"DRK Hallenfussballturnier 2014\" title=\"DRK Hallenfussballturnier 2014\" width=\"212\" class=\"shashinThumbnailImage\" id=\"shashinThumbnailImage_5\" \/><\/a><div class=\"shashinThumbnailCaption\"><span class=\"shashinAlbumCaptionTitle\"><a href=\"https:\/\/picasaweb.google.com\/113053824267812743084\/DRKHallenfussballturnier2014\" id=\"shashinAlbumThumbLink_caption_9\" data-ShashinAlbum=\"9\" class=\"shashinAlbumThumbLink\">DRK Hallenfussballturnier 2014<\/a><\/span><span class=\"shashinAlbumCaptionDate\">Apr. 4, 2014<\/span><span class=\"shashinAlbumCaptionLocation\">Photos: 76<\/span><\/div>\n<\/div><\/div>\n<\/div><div class=\"shashinTableRowClear\">&nbsp;<\/div>\n<div class=\"shashinTableRow\">\n<div class=\"shashinTableCell\" data-original_width=\"100%\" style=\" width: 100%; max-width: 300px;\"><div class=\"shashinThumbnailWrapper\"><a href=\"https:\/\/picasaweb.google.com\/113053824267812743084\/FunFightMitAhmadMohammed?authkey=Gv1sRgCILBtLioitP2Kg\" id=\"shashinAlbumThumbLink_img_8\" data-ShashinAlbum=\"8\" class=\"shashinAlbumThumbLink\"><img decoding=\"async\" src=\"https:\/\/lh3.googleusercontent.com\/-zfeJ1e-SC5c\/Ux36aas1fZE\/AAAAAAAAFtE\/VaTUMAviBeAF_5BqpiLiO7_bs1bMpMK6QCCoYCg\/s320\/FunFightMitAhmadMohammed\" alt=\"Fun Fight mit Ahmad Mohammed\" title=\"Fun Fight mit Ahmad Mohammed\" width=\"300\" class=\"shashinThumbnailImage\" id=\"shashinThumbnailImage_6\" \/><\/a><div class=\"shashinThumbnailCaption\"><span class=\"shashinAlbumCaptionTitle\"><a href=\"https:\/\/picasaweb.google.com\/113053824267812743084\/FunFightMitAhmadMohammed?authkey=Gv1sRgCILBtLioitP2Kg\" id=\"shashinAlbumThumbLink_caption_8\" data-ShashinAlbum=\"8\" class=\"shashinAlbumThumbLink\">Fun Fight mit Ahmad Mohammed<\/a><\/span><span class=\"shashinAlbumCaptionDate\">M\u00e4rz 8, 2014<\/span><span class=\"shashinAlbumCaptionLocation\">Photos: 43<\/span><\/div>\n<\/div><\/div>\n<\/div><div class=\"shashinTableRowClear\">&nbsp;<\/div>\n<div class=\"shashinTableRow\">\n<div class=\"shashinTableCell\" data-original_width=\"100%\" style=\" width: 100%; max-width: 277px;\"><div class=\"shashinThumbnailWrapper\"><a href=\"https:\/\/picasaweb.google.com\/113053824267812743084\/BushidoBeimDRKFussballturnier20042012\" id=\"shashinAlbumThumbLink_img_6\" data-ShashinAlbum=\"6\" class=\"shashinAlbumThumbLink\"><img decoding=\"async\" src=\"https:\/\/lh3.googleusercontent.com\/-xWY-bSuSByk\/T5VaH6kgh7E\/AAAAAAAAHak\/zMaKhiGV70QnfTWVRtSbV84S1t36WNpKACCoYCg\/s320\/BushidoBeimDRKFussballturnier20042012\" alt=\"Bushido beim DRK Fussballturnier 20.04.2012\" title=\"Bushido beim DRK Fussballturnier 20.04.2012\" width=\"277\" class=\"shashinThumbnailImage\" id=\"shashinThumbnailImage_7\" \/><\/a><div class=\"shashinThumbnailCaption\"><span class=\"shashinAlbumCaptionTitle\"><a href=\"https:\/\/picasaweb.google.com\/113053824267812743084\/BushidoBeimDRKFussballturnier20042012\" id=\"shashinAlbumThumbLink_caption_6\" data-ShashinAlbum=\"6\" class=\"shashinAlbumThumbLink\">Bushido beim DRK Fussballturnier 20.04.2012<\/a><\/span><span class=\"shashinAlbumCaptionDate\">Apr. 20, 2012<\/span><span class=\"shashinAlbumCaptionLocation\">Photos: 89<\/span><\/div>\n<\/div><\/div>\n<\/div><div class=\"shashinTableRowClear\">&nbsp;<\/div>\n<div class=\"shashinTableRow\">\n<div class=\"shashinTableCell\" data-original_width=\"100%\" style=\" width: 100%; max-width: 225px;\"><div class=\"shashinThumbnailWrapper\"><a href=\"https:\/\/picasaweb.google.com\/113053824267812743084\/Sommerfest201102DasFest\" id=\"shashinAlbumThumbLink_img_5\" data-ShashinAlbum=\"5\" class=\"shashinAlbumThumbLink\"><img decoding=\"async\" src=\"https:\/\/lh3.googleusercontent.com\/-IBEVXNDOpo0\/TmT7hBKiDkE\/AAAAAAAAEkk\/55o4FajEBwQJ7bbbchs8fP0MtQzasLT-gCCoYCg\/s320\/Sommerfest201102DasFest\" alt=\"Sommerfest 2011 - 02 - Das Fest\" title=\"Sommerfest 2011 - 02 - Das Fest\" width=\"225\" class=\"shashinThumbnailImage\" id=\"shashinThumbnailImage_8\" \/><\/a><div class=\"shashinThumbnailCaption\"><span class=\"shashinAlbumCaptionTitle\"><a href=\"https:\/\/picasaweb.google.com\/113053824267812743084\/Sommerfest201102DasFest\" id=\"shashinAlbumThumbLink_caption_5\" data-ShashinAlbum=\"5\" class=\"shashinAlbumThumbLink\">Sommerfest 2011 - 02 - Das Fest<\/a><\/span><span class=\"shashinAlbumCaptionDate\">Sep. 3, 2011<\/span><span class=\"shashinAlbumCaptionLocation\">Photos: 111<\/span><\/div>\n<\/div><\/div>\n<\/div><div class=\"shashinTableRowClear\">&nbsp;<\/div>\n<div class=\"shashinTableRow\">\n<div class=\"shashinTableCell\" data-original_width=\"100%\" style=\" width: 100%; max-width: 300px;\"><div class=\"shashinThumbnailWrapper\"><a href=\"https:\/\/picasaweb.google.com\/113053824267812743084\/Sommerfest2012\" id=\"shashinAlbumThumbLink_img_4\" data-ShashinAlbum=\"4\" class=\"shashinAlbumThumbLink\"><img decoding=\"async\" src=\"https:\/\/lh3.googleusercontent.com\/-bmMoEYS7xew\/T7tX4EikU4E\/AAAAAAAAFCc\/pJfdouc7IgsrWcHzZrDhHcMANUZXrFNAQCCoYCg\/s320\/Sommerfest2012\" alt=\"Sommerfest 2012\" title=\"Sommerfest 2012\" width=\"300\" class=\"shashinThumbnailImage\" id=\"shashinThumbnailImage_9\" \/><\/a><div class=\"shashinThumbnailCaption\"><span class=\"shashinAlbumCaptionTitle\"><a href=\"https:\/\/picasaweb.google.com\/113053824267812743084\/Sommerfest2012\" id=\"shashinAlbumThumbLink_caption_4\" data-ShashinAlbum=\"4\" class=\"shashinAlbumThumbLink\">Sommerfest 2012<\/a><\/span><span class=\"shashinAlbumCaptionDate\">Mai 19, 2012<\/span><span class=\"shashinAlbumCaptionLocation\">Photos: 81<\/span><\/div>\n<\/div><\/div>\n<\/div><div class=\"shashinTableRowClear\">&nbsp;<\/div>\n<div class=\"shashinTableRow\">\n<div class=\"shashinTableCell\" data-original_width=\"100%\" style=\" width: 100%; max-width: 300px;\"><div class=\"shashinThumbnailWrapper\"><a href=\"https:\/\/picasaweb.google.com\/113053824267812743084\/Sommerfest2013\" id=\"shashinAlbumThumbLink_img_3\" data-ShashinAlbum=\"3\" class=\"shashinAlbumThumbLink\"><img decoding=\"async\" src=\"https:\/\/lh3.googleusercontent.com\/-G1qEaYUk3Xk\/Uh4HT6xASZE\/AAAAAAAAHKo\/2Ih3wtmxtvIMfbMktt0CfH1smxe9M8m0QCCoYCg\/s320\/Sommerfest2013\" alt=\"Sommerfest 2013\" title=\"Sommerfest 2013\" width=\"300\" class=\"shashinThumbnailImage\" id=\"shashinThumbnailImage_10\" \/><\/a><div class=\"shashinThumbnailCaption\"><span class=\"shashinAlbumCaptionTitle\"><a href=\"https:\/\/picasaweb.google.com\/113053824267812743084\/Sommerfest2013\" id=\"shashinAlbumThumbLink_caption_3\" data-ShashinAlbum=\"3\" class=\"shashinAlbumThumbLink\">Sommerfest 2013<\/a><\/span><span class=\"shashinAlbumCaptionDate\">Juli 24, 2013<\/span><span class=\"shashinAlbumCaptionLocation\">Photos: 189<\/span><\/div>\n<\/div><\/div>\n<\/div><div class=\"shashinTableRowClear\">&nbsp;<\/div>\n<div class=\"shashinTableRow\">\n<div class=\"shashinTableCell\" data-original_width=\"100%\" style=\" width: 100%; max-width: 300px;\"><div class=\"shashinThumbnailWrapper\"><a href=\"https:\/\/picasaweb.google.com\/113053824267812743084\/FerienAmLiepnitzsee?authkey=Gv1sRgCMb3yJvm-L_ucA\" id=\"shashinAlbumThumbLink_img_2\" data-ShashinAlbum=\"2\" class=\"shashinAlbumThumbLink\"><img decoding=\"async\" src=\"https:\/\/lh3.googleusercontent.com\/-LURoFNEOLqY\/UpR6oluCFmE\/AAAAAAAAHeg\/S3UVTf7XJMkihs_FexLDilBHRRb9SbL_wCCoYCg\/s320\/FerienAmLiepnitzsee\" alt=\"Ferien am Liepnitzsee\" title=\"Ferien am Liepnitzsee\" width=\"300\" class=\"shashinThumbnailImage\" id=\"shashinThumbnailImage_11\" \/><\/a><div class=\"shashinThumbnailCaption\"><span class=\"shashinAlbumCaptionTitle\"><a href=\"https:\/\/picasaweb.google.com\/113053824267812743084\/FerienAmLiepnitzsee?authkey=Gv1sRgCMb3yJvm-L_ucA\" id=\"shashinAlbumThumbLink_caption_2\" data-ShashinAlbum=\"2\" class=\"shashinAlbumThumbLink\">Ferien am Liepnitzsee<\/a><\/span><span class=\"shashinAlbumCaptionDate\">Sep. 28, 2013<\/span><span class=\"shashinAlbumCaptionLocation\">Photos: 156<\/span><\/div>\n<\/div><\/div>\n<\/div><div class=\"shashinTableRowClear\">&nbsp;<\/div>\n<div class=\"shashinCaptionBottom shashinCaption\"><\/div>\n<\/div>\n<\/div>\n<\/h2>\n","protected":false},"excerpt":{"rendered":"<p>Artikel im DRK- Magazin 3\/17 Das war das Sommerfest 2016 Unsere Ferienreise nach Sylt Das war unser Sommerfest 2015 Baustelle betreten erw\u00fcnscht! Der DRK Jugendladen hat\u00a0eine Verleihstation mit vielen tollen Spielen bekommen. www.baufachfrau-berlin.de W\u00fcnsche und Bunte Gew\u00fcrzpl\u00e4tzchen Bunte Gew\u00fcrzpl\u00e4tzchen zum Ausstechen geh\u00f6ren f\u00fcr mich zur Adventszeit wie Fassbrause zum Sommer in Berlin. Seit nun schon [&hellip;]<\/p>\n","protected":false},"author":1,"featured_media":0,"parent":0,"menu_order":6,"comment_status":"closed","ping_status":"open","template":"","meta":{"footnotes":""},"_links":{"self":[{"href":"http:\/\/drk-jugendladen-wedding.de\/wpjlw\/wp-json\/wp\/v2\/pages\/154"}],"collection":[{"href":"http:\/\/drk-jugendladen-wedding.de\/wpjlw\/wp-json\/wp\/v2\/pages"}],"about":[{"href":"http:\/\/drk-jugendladen-wedding.de\/wpjlw\/wp-json\/wp\/v2\/types\/page"}],"author":[{"embeddable":true,"href":"http:\/\/drk-jugendladen-wedding.de\/wpjlw\/wp-json\/wp\/v2\/users\/1"}],"replies":[{"embeddable":true,"href":"http:\/\/drk-jugendladen-wedding.de\/wpjlw\/wp-json\/wp\/v2\/comments?post=154"}],"version-history":[{"count":51,"href":"http:\/\/drk-jugendladen-wedding.de\/wpjlw\/wp-json\/wp\/v2\/pages\/154\/revisions"}],"predecessor-version":[{"id":1121,"href":"http:\/\/drk-jugendladen-wedding.de\/wpjlw\/wp-json\/wp\/v2\/pages\/154\/revisions\/1121"}],"wp:attachment":[{"href":"http:\/\/drk-jugendladen-wedding.de\/wpjlw\/wp-json\/wp\/v2\/media?parent=154"}],"curies":[{"name":"wp","href":"https:\/\/api.w.org\/{rel}","templated":true}]}}